{"id":3284,"date":"2023-10-03T12:07:50","date_gmt":"2023-10-03T12:07:50","guid":{"rendered":"https:\/\/victimcare-dc.org\/justicia-reparadora\/"},"modified":"2024-03-12T15:43:24","modified_gmt":"2024-03-12T15:43:24","slug":"justicia-reparadora","status":"publish","type":"page","link":"https:\/\/victimcare-dc.org\/es\/justicia-reparadora\/","title":{"rendered":"Justicia reparadora"},"content":{"rendered":"<!--themify_builder_content-->\n<div id=\"themify_builder_content-3284\" data-postid=\"3284\" class=\"themify_builder_content themify_builder_content-3284 themify_builder tf_clear\">\n                    <div  data-lazy=\"1\" class=\"module_row themify_builder_row tb_c15k847 tb_first tf_w\">\n                        <div class=\"row_inner col_align_top tb_col_count_1 tf_box tf_rel\">\n                        <div  data-lazy=\"1\" class=\"module_column tb-column col-full tb_gaeo848 first\">\n                    <!-- module image -->\n<div  class=\"module module-image tb_usl0363 image-top   tf_mw\" data-lazy=\"1\">\n        <div class=\"image-wrap tf_rel tf_mw\">\n            <img data-recalc-dims=\"1\" loading=\"lazy\" decoding=\"async\" width=\"1165\" height=\"777\" src=\"https:\/\/i0.wp.com\/victimcare-dc.org\/wp-content\/uploads\/2023\/10\/shutterstock_779179771-scaled.jpg?resize=1165%2C777&#038;ssl=1\" class=\"wp-post-image wp-image-3286\" title=\"Friendly,Man,Sitting,At,Window,In,Loft,Cafe\" alt=\"Friendly,Man,Sitting,At,Window,In,Loft,Cafe\" srcset=\"https:\/\/i0.wp.com\/victimcare-dc.org\/wp-content\/uploads\/2023\/10\/shutterstock_779179771-scaled.jpg?w=2560&amp;ssl=1 2560w, https:\/\/i0.wp.com\/victimcare-dc.org\/wp-content\/uploads\/2023\/10\/shutterstock_779179771-scaled.jpg?resize=300%2C200&amp;ssl=1 300w, https:\/\/i0.wp.com\/victimcare-dc.org\/wp-content\/uploads\/2023\/10\/shutterstock_779179771-scaled.jpg?resize=1024%2C683&amp;ssl=1 1024w, https:\/\/i0.wp.com\/victimcare-dc.org\/wp-content\/uploads\/2023\/10\/shutterstock_779179771-scaled.jpg?resize=768%2C512&amp;ssl=1 768w, https:\/\/i0.wp.com\/victimcare-dc.org\/wp-content\/uploads\/2023\/10\/shutterstock_779179771-scaled.jpg?resize=1536%2C1024&amp;ssl=1 1536w, https:\/\/i0.wp.com\/victimcare-dc.org\/wp-content\/uploads\/2023\/10\/shutterstock_779179771-scaled.jpg?resize=2048%2C1365&amp;ssl=1 2048w, https:\/\/i0.wp.com\/victimcare-dc.org\/wp-content\/uploads\/2023\/10\/shutterstock_779179771-scaled.jpg?w=2330&amp;ssl=1 2330w\" sizes=\"auto, (max-width: 1165px) 100vw, 1165px\" \/>    \n        <\/div>\n    <!-- \/image-wrap -->\n    \n        <\/div>\n<!-- \/module image -->        <\/div>\n                        <\/div>\n        <\/div>\n                        <div  data-lazy=\"1\" class=\"module_row themify_builder_row tb_ltsi868 tf_w\">\n                        <div class=\"row_inner col_align_top tb_col_count_1 tf_box tf_rel\">\n                        <div  data-lazy=\"1\" class=\"module_column tb-column col-full tb_6cbg869 first\">\n                    <!-- module text -->\n<div  class=\"module module-text tb_ek1j384   \" data-lazy=\"1\">\n        <div  class=\"tb_text_wrap\">\n        <div>\n<div class=\"cms-content\">\n<h2>\u00bfQu\u00e9 es la justicia reparadora?<\/h2>\n<p>La justicia reparadora ofrece a las personas perjudicadas por un delito y a los responsables del mismo la oportunidad de compartir c\u00f3mo les ha afectado el delito. Permite a todos los implicados participar en la reparaci\u00f3n del da\u00f1o y encontrar una salida positiva.<\/p>\n<p>La comunicaci\u00f3n puede ser una reuni\u00f3n cara a cara o una carta, una entrevista de audio grabada o un v\u00eddeo.<\/p>\n<p>Todas las v\u00edctimas de delitos pueden solicitar justicia reparadora, pero el proceso s\u00f3lo tendr\u00e1 lugar si tanto la v\u00edctima como el delincuente lo desean.<\/p>\n<p>La justicia reparadora es totalmente voluntaria para todos los participantes. Facilitadores formados eval\u00faan los riesgos y se aseguran de que el proceso sea seguro para todos los implicados.<\/p>\n<p>La justicia restaurativa se utiliza para cualquier tipo de delito y en cualquier fase del proceso penal, incluso si el delincuente est\u00e1 cumpliendo una pena de prisi\u00f3n.<\/p>\n<\/div>\n<\/div>\n<div>\n<div class=\"cms-content\">\n<h2>Beneficios de la justicia reparadora<\/h2>\n<p>La justicia reparadora da a la v\u00edctima la oportunidad de explicar el impacto del da\u00f1o causado, a trav\u00e9s de una comunicaci\u00f3n segura con el apoyo y el est\u00edmulo de facilitadores formados. Pueden explicar c\u00f3mo les hizo sentir, describir las consecuencias, hacer preguntas, recibir una explicaci\u00f3n y pedir una disculpa si lo desean.<\/p>\n<p>El proceso puede empoderar y ayudar a las v\u00edctimas a recuperarse del incidente y la participaci\u00f3n en la justicia reparadora no influye en la condena que pueda recibir un delincuente.<\/p>\n<p>Los delincuentes tienen la oportunidad de asumir la responsabilidad de sus actos, ofrecer una explicaci\u00f3n y tomar medidas para reparar el da\u00f1o. Puede ayudarles a comprender c\u00f3mo sus acciones han afectado a las v\u00edctimas y a sus familias.  <\/p>\n<p>Las investigaciones demuestran que la justicia reparadora tambi\u00e9n conduce a una reducci\u00f3n de la reincidencia.<\/p>\n<\/div>\n<\/div>    <\/div>\n<\/div>\n<!-- \/module text -->        <\/div>\n                        <\/div>\n        <\/div>\n                        <div  data-lazy=\"1\" class=\"module_row themify_builder_row tb_rj4e154 tf_w\">\n                        <div class=\"row_inner col_align_top tb_col_count_1 tf_box tf_rel\">\n                        <div  data-lazy=\"1\" class=\"module_column tb-column col-full tb_5sde154 first\">\n                    <!-- module video -->\n<div  class=\"module module-video tb_7h2f71 video-top  \" data-lazy=\"1\">\n                    <div class=\"video-wrap-outer\">\n            <div class=\"video-wrap tf_rel tf_overflow\">\n                                    <noscript><iframe data-no-script src=\"https:\/\/www.youtube-nocookie.com\/embed\/4-vQ4ixlU_A?pip=1&#038;playsinline=1\" allow=\"accelerometer;encrypted-media;gyroscope;picture-in-picture;fullscreen\" class=\"tf_abs tf_w tf_h\"><\/iframe><\/noscript>\n                                <\/div>\n            <!-- \/video-wrap -->\n        <\/div>\n        <!-- \/video-wrap-outer -->\n            <\/div>\n        <\/div>\n                        <\/div>\n        <\/div>\n                        <div  data-lazy=\"1\" class=\"module_row themify_builder_row tb_ernb454 tf_w\">\n                        <div class=\"row_inner col_align_top tb_col_count_1 tf_box tf_rel\">\n                        <div  data-lazy=\"1\" class=\"module_column tb-column col-full tb_de38454 first\">\n                    <!-- module text -->\n<div  class=\"module module-text tb_f7cf24   \" data-lazy=\"1\">\n        <div  class=\"tb_text_wrap\">\n        <h2>C\u00f3mo solicitar justicia reparadora<\/h2>\n<p>P\u00f3ngase en contacto con la Unidad de Atenci\u00f3n a las V\u00edctimas, que puede organizar una justicia reparadora para usted y ayudarle con cualquier pregunta que pueda tener.<\/p>\n<p>Puede <a href=\"mailto:victimservices@dc.police.uk\" target=\"_blank\" rel=\"noopener\">enviarles un correo electr\u00f3nico<\/a> o llamarles por tel\u00e9fono <a href=\"tel:01392%20475900\">al 01392 475900<\/a> de 8.00 a 20.00 de lunes a viernes y de 9.00 a 17.00 los fines de semana y festivos.<\/p>\n<p>Si decides participar en la justicia reparadora, recibir\u00e1s apoyo de nuestro servicio especializado en justicia reparadora <a class=\"external-link\" href=\"https:\/\/www.shekinah.co.uk\/make-amends\" target=\"_blank\" rel=\"external noopener\" aria-label=\"Make Amends - This link will open in a new window\" data-gtm-link=\"offsite\">Make Amends<\/a>.  <\/p>    <\/div>\n<\/div>\n<!-- \/module text -->        <\/div>\n                        <\/div>\n        <\/div>\n        <\/div>\n<!--\/themify_builder_content-->","protected":false},"excerpt":{"rendered":"<p>\u00bfQu\u00e9 es la justicia reparadora? La justicia reparadora ofrece a las personas perjudicadas por un delito y a los responsables [&hellip;]<\/p>\n","protected":false},"author":3,"featured_media":0,"parent":0,"menu_order":0,"comment_status":"closed","ping_status":"closed","template":"","meta":{"footnotes":""},"class_list":["post-3284","page","type-page","status-publish","hentry","has-post-title","has-post-date","has-post-category","has-post-tag","has-post-comment","has-post-author",""],"yoast_head":"<!-- This site is optimized with the Yoast SEO plugin v27.5 - https:\/\/yoast.com\/product\/yoast-seo-wordpress\/ -->\n<title>Justicia reparadora - Victim Care Devon &amp; Cornwall<\/title>\n<meta name=\"description\" content=\"Access specialist support and information for victims of crime, even if you haven&#039;t reported to police.\" \/>\n<meta name=\"robots\" content=\"index, follow, max-snippet:-1, max-image-preview:large, max-video-preview:-1\" \/>\n<link rel=\"canonical\" href=\"https:\/\/victimcare-dc.org\/es\/justicia-reparadora\/\" \/>\n<meta property=\"og:locale\" content=\"es_ES\" \/>\n<meta property=\"og:type\" content=\"article\" \/>\n<meta property=\"og:title\" content=\"Justicia reparadora - Victim Care Devon &amp; Cornwall\" \/>\n<meta property=\"og:description\" content=\"Access specialist support and information for victims of crime, even if you haven&#039;t reported to police.\" \/>\n<meta property=\"og:url\" content=\"https:\/\/victimcare-dc.org\/es\/justicia-reparadora\/\" \/>\n<meta property=\"og:site_name\" content=\"Victim Care Devon &amp; Cornwall\" \/>\n<meta property=\"article:publisher\" content=\"https:\/\/www.facebook.com\/DCPCC\" \/>\n<meta property=\"article:modified_time\" content=\"2024-03-12T15:43:24+00:00\" \/>\n<meta property=\"og:image\" content=\"https:\/\/victimcare-dc.org\/wp-content\/uploads\/2023\/10\/shutterstock_779179771-scaled.jpg\" \/>\n<meta name=\"twitter:card\" content=\"summary_large_image\" \/>\n<meta name=\"twitter:site\" content=\"@DC_PCC\" \/>\n<meta name=\"twitter:label1\" content=\"Tiempo de lectura\" \/>\n\t<meta name=\"twitter:data1\" content=\"2 minutos\" \/>\n<script type=\"application\/ld+json\" class=\"yoast-schema-graph\">{\"@context\":\"https:\\\/\\\/schema.org\",\"@graph\":[{\"@type\":\"WebPage\",\"@id\":\"https:\\\/\\\/victimcare-dc.org\\\/es\\\/justicia-reparadora\\\/\",\"url\":\"https:\\\/\\\/victimcare-dc.org\\\/es\\\/justicia-reparadora\\\/\",\"name\":\"Justicia reparadora - Victim Care Devon &amp; Cornwall\",\"isPartOf\":{\"@id\":\"https:\\\/\\\/victimcare-dc.org\\\/es\\\/#website\"},\"primaryImageOfPage\":{\"@id\":\"https:\\\/\\\/victimcare-dc.org\\\/es\\\/justicia-reparadora\\\/#primaryimage\"},\"image\":{\"@id\":\"https:\\\/\\\/victimcare-dc.org\\\/es\\\/justicia-reparadora\\\/#primaryimage\"},\"thumbnailUrl\":\"https:\\\/\\\/victimcare-dc.org\\\/wp-content\\\/uploads\\\/2023\\\/10\\\/shutterstock_779179771-scaled.jpg\",\"datePublished\":\"2023-10-03T12:07:50+00:00\",\"dateModified\":\"2024-03-12T15:43:24+00:00\",\"description\":\"Access specialist support and information for victims of crime, even if you haven't reported to police.\",\"breadcrumb\":{\"@id\":\"https:\\\/\\\/victimcare-dc.org\\\/es\\\/justicia-reparadora\\\/#breadcrumb\"},\"inLanguage\":\"es\",\"potentialAction\":[{\"@type\":\"ReadAction\",\"target\":[\"https:\\\/\\\/victimcare-dc.org\\\/es\\\/justicia-reparadora\\\/\"]}]},{\"@type\":\"ImageObject\",\"inLanguage\":\"es\",\"@id\":\"https:\\\/\\\/victimcare-dc.org\\\/es\\\/justicia-reparadora\\\/#primaryimage\",\"url\":\"https:\\\/\\\/victimcare-dc.org\\\/wp-content\\\/uploads\\\/2023\\\/10\\\/shutterstock_779179771-scaled.jpg\",\"contentUrl\":\"https:\\\/\\\/victimcare-dc.org\\\/wp-content\\\/uploads\\\/2023\\\/10\\\/shutterstock_779179771-scaled.jpg\"},{\"@type\":\"BreadcrumbList\",\"@id\":\"https:\\\/\\\/victimcare-dc.org\\\/es\\\/justicia-reparadora\\\/#breadcrumb\",\"itemListElement\":[{\"@type\":\"ListItem\",\"position\":1,\"name\":\"Home\",\"item\":\"https:\\\/\\\/victimcare-dc.org\\\/es\\\/\"},{\"@type\":\"ListItem\",\"position\":2,\"name\":\"Justicia reparadora\"}]},{\"@type\":\"WebSite\",\"@id\":\"https:\\\/\\\/victimcare-dc.org\\\/es\\\/#website\",\"url\":\"https:\\\/\\\/victimcare-dc.org\\\/es\\\/\",\"name\":\"Victim Care Devon and Cornwall\",\"description\":\"Putting you at the heart of your own care\",\"publisher\":{\"@id\":\"https:\\\/\\\/victimcare-dc.org\\\/es\\\/#organization\"},\"potentialAction\":[{\"@type\":\"SearchAction\",\"target\":{\"@type\":\"EntryPoint\",\"urlTemplate\":\"https:\\\/\\\/victimcare-dc.org\\\/es\\\/?s={search_term_string}\"},\"query-input\":{\"@type\":\"PropertyValueSpecification\",\"valueRequired\":true,\"valueName\":\"search_term_string\"}}],\"inLanguage\":\"es\"},{\"@type\":\"Organization\",\"@id\":\"https:\\\/\\\/victimcare-dc.org\\\/es\\\/#organization\",\"name\":\"Victim Care Devon and Cornwall\",\"url\":\"https:\\\/\\\/victimcare-dc.org\\\/es\\\/\",\"logo\":{\"@type\":\"ImageObject\",\"inLanguage\":\"es\",\"@id\":\"https:\\\/\\\/victimcare-dc.org\\\/es\\\/#\\\/schema\\\/logo\\\/image\\\/\",\"url\":\"https:\\\/\\\/i0.wp.com\\\/victimcare-dc.org\\\/wp-content\\\/uploads\\\/2023\\\/05\\\/Victim-Care-logo-FINAL-web-1.png?fit=1600%2C1472&ssl=1\",\"contentUrl\":\"https:\\\/\\\/i0.wp.com\\\/victimcare-dc.org\\\/wp-content\\\/uploads\\\/2023\\\/05\\\/Victim-Care-logo-FINAL-web-1.png?fit=1600%2C1472&ssl=1\",\"width\":1600,\"height\":1472,\"caption\":\"Victim Care Devon and Cornwall\"},\"image\":{\"@id\":\"https:\\\/\\\/victimcare-dc.org\\\/es\\\/#\\\/schema\\\/logo\\\/image\\\/\"},\"sameAs\":[\"https:\\\/\\\/www.facebook.com\\\/DCPCC\",\"https:\\\/\\\/x.com\\\/DC_PCC\"]}]}<\/script>\n<!-- \/ Yoast SEO plugin. -->","yoast_head_json":{"title":"Justicia reparadora - Victim Care Devon &amp; Cornwall","description":"Access specialist support and information for victims of crime, even if you haven't reported to police.","robots":{"index":"index","follow":"follow","max-snippet":"max-snippet:-1","max-image-preview":"max-image-preview:large","max-video-preview":"max-video-preview:-1"},"canonical":"https:\/\/victimcare-dc.org\/es\/justicia-reparadora\/","og_locale":"es_ES","og_type":"article","og_title":"Justicia reparadora - Victim Care Devon &amp; Cornwall","og_description":"Access specialist support and information for victims of crime, even if you haven't reported to police.","og_url":"https:\/\/victimcare-dc.org\/es\/justicia-reparadora\/","og_site_name":"Victim Care Devon &amp; Cornwall","article_publisher":"https:\/\/www.facebook.com\/DCPCC","article_modified_time":"2024-03-12T15:43:24+00:00","og_image":[{"url":"https:\/\/victimcare-dc.org\/wp-content\/uploads\/2023\/10\/shutterstock_779179771-scaled.jpg","type":"","width":"","height":""}],"twitter_card":"summary_large_image","twitter_site":"@DC_PCC","twitter_misc":{"Tiempo de lectura":"2 minutos"},"schema":{"@context":"https:\/\/schema.org","@graph":[{"@type":"WebPage","@id":"https:\/\/victimcare-dc.org\/es\/justicia-reparadora\/","url":"https:\/\/victimcare-dc.org\/es\/justicia-reparadora\/","name":"Justicia reparadora - Victim Care Devon &amp; Cornwall","isPartOf":{"@id":"https:\/\/victimcare-dc.org\/es\/#website"},"primaryImageOfPage":{"@id":"https:\/\/victimcare-dc.org\/es\/justicia-reparadora\/#primaryimage"},"image":{"@id":"https:\/\/victimcare-dc.org\/es\/justicia-reparadora\/#primaryimage"},"thumbnailUrl":"https:\/\/victimcare-dc.org\/wp-content\/uploads\/2023\/10\/shutterstock_779179771-scaled.jpg","datePublished":"2023-10-03T12:07:50+00:00","dateModified":"2024-03-12T15:43:24+00:00","description":"Access specialist support and information for victims of crime, even if you haven't reported to police.","breadcrumb":{"@id":"https:\/\/victimcare-dc.org\/es\/justicia-reparadora\/#breadcrumb"},"inLanguage":"es","potentialAction":[{"@type":"ReadAction","target":["https:\/\/victimcare-dc.org\/es\/justicia-reparadora\/"]}]},{"@type":"ImageObject","inLanguage":"es","@id":"https:\/\/victimcare-dc.org\/es\/justicia-reparadora\/#primaryimage","url":"https:\/\/victimcare-dc.org\/wp-content\/uploads\/2023\/10\/shutterstock_779179771-scaled.jpg","contentUrl":"https:\/\/victimcare-dc.org\/wp-content\/uploads\/2023\/10\/shutterstock_779179771-scaled.jpg"},{"@type":"BreadcrumbList","@id":"https:\/\/victimcare-dc.org\/es\/justicia-reparadora\/#breadcrumb","itemListElement":[{"@type":"ListItem","position":1,"name":"Home","item":"https:\/\/victimcare-dc.org\/es\/"},{"@type":"ListItem","position":2,"name":"Justicia reparadora"}]},{"@type":"WebSite","@id":"https:\/\/victimcare-dc.org\/es\/#website","url":"https:\/\/victimcare-dc.org\/es\/","name":"Victim Care Devon and Cornwall","description":"Putting you at the heart of your own care","publisher":{"@id":"https:\/\/victimcare-dc.org\/es\/#organization"},"potentialAction":[{"@type":"SearchAction","target":{"@type":"EntryPoint","urlTemplate":"https:\/\/victimcare-dc.org\/es\/?s={search_term_string}"},"query-input":{"@type":"PropertyValueSpecification","valueRequired":true,"valueName":"search_term_string"}}],"inLanguage":"es"},{"@type":"Organization","@id":"https:\/\/victimcare-dc.org\/es\/#organization","name":"Victim Care Devon and Cornwall","url":"https:\/\/victimcare-dc.org\/es\/","logo":{"@type":"ImageObject","inLanguage":"es","@id":"https:\/\/victimcare-dc.org\/es\/#\/schema\/logo\/image\/","url":"https:\/\/i0.wp.com\/victimcare-dc.org\/wp-content\/uploads\/2023\/05\/Victim-Care-logo-FINAL-web-1.png?fit=1600%2C1472&ssl=1","contentUrl":"https:\/\/i0.wp.com\/victimcare-dc.org\/wp-content\/uploads\/2023\/05\/Victim-Care-logo-FINAL-web-1.png?fit=1600%2C1472&ssl=1","width":1600,"height":1472,"caption":"Victim Care Devon and Cornwall"},"image":{"@id":"https:\/\/victimcare-dc.org\/es\/#\/schema\/logo\/image\/"},"sameAs":["https:\/\/www.facebook.com\/DCPCC","https:\/\/x.com\/DC_PCC"]}]}},"jetpack_sharing_enabled":true,"builder_content":"<img src=\"https:\/\/victimcare-dc.org\/wp-content\/uploads\/2023\/10\/shutterstock_779179771-scaled.jpg\" title=\"Friendly,Man,Sitting,At,Window,In,Loft,Cafe\" alt=\"Friendly,Man,Sitting,At,Window,In,Loft,Cafe\" srcset=\"https:\/\/i0.wp.com\/victimcare-dc.org\/wp-content\/uploads\/2023\/10\/shutterstock_779179771-scaled.jpg?w=2560&amp;ssl=1 2560w, https:\/\/i0.wp.com\/victimcare-dc.org\/wp-content\/uploads\/2023\/10\/shutterstock_779179771-scaled.jpg?resize=300%2C200&amp;ssl=1 300w, https:\/\/i0.wp.com\/victimcare-dc.org\/wp-content\/uploads\/2023\/10\/shutterstock_779179771-scaled.jpg?resize=1024%2C683&amp;ssl=1 1024w, https:\/\/i0.wp.com\/victimcare-dc.org\/wp-content\/uploads\/2023\/10\/shutterstock_779179771-scaled.jpg?resize=768%2C512&amp;ssl=1 768w, https:\/\/i0.wp.com\/victimcare-dc.org\/wp-content\/uploads\/2023\/10\/shutterstock_779179771-scaled.jpg?resize=1536%2C1024&amp;ssl=1 1536w, https:\/\/i0.wp.com\/victimcare-dc.org\/wp-content\/uploads\/2023\/10\/shutterstock_779179771-scaled.jpg?resize=2048%2C1365&amp;ssl=1 2048w, https:\/\/i0.wp.com\/victimcare-dc.org\/wp-content\/uploads\/2023\/10\/shutterstock_779179771-scaled.jpg?w=2330&amp;ssl=1 2330w\" sizes=\"(max-width: 2560px) 100vw, 2560px\" \/>\n<h2>\u00bfQu\u00e9 es la justicia reparadora?<\/h2> <p>La justicia reparadora ofrece a las personas perjudicadas por un delito y a los responsables del mismo la oportunidad de compartir c\u00f3mo les ha afectado el delito. Permite a todos los implicados participar en la reparaci\u00f3n del da\u00f1o y encontrar una salida positiva.<\/p> <p>La comunicaci\u00f3n puede ser una reuni\u00f3n cara a cara o una carta, una entrevista de audio grabada o un v\u00eddeo.<\/p> <p>Todas las v\u00edctimas de delitos pueden solicitar justicia reparadora, pero el proceso s\u00f3lo tendr\u00e1 lugar si tanto la v\u00edctima como el delincuente lo desean.<\/p> <p>La justicia reparadora es totalmente voluntaria para todos los participantes. Facilitadores formados eval\u00faan los riesgos y se aseguran de que el proceso sea seguro para todos los implicados.<\/p> <p>La justicia restaurativa se utiliza para cualquier tipo de delito y en cualquier fase del proceso penal, incluso si el delincuente est\u00e1 cumpliendo una pena de prisi\u00f3n.<\/p>\n<h2>Beneficios de la justicia reparadora<\/h2> <p>La justicia reparadora da a la v\u00edctima la oportunidad de explicar el impacto del da\u00f1o causado, a trav\u00e9s de una comunicaci\u00f3n segura con el apoyo y el est\u00edmulo de facilitadores formados. Pueden explicar c\u00f3mo les hizo sentir, describir las consecuencias, hacer preguntas, recibir una explicaci\u00f3n y pedir una disculpa si lo desean.<\/p> <p>El proceso puede empoderar y ayudar a las v\u00edctimas a recuperarse del incidente y la participaci\u00f3n en la justicia reparadora no influye en la condena que pueda recibir un delincuente.<\/p> <p>Los delincuentes tienen la oportunidad de asumir la responsabilidad de sus actos, ofrecer una explicaci\u00f3n y tomar medidas para reparar el da\u00f1o. Puede ayudarles a comprender c\u00f3mo sus acciones han afectado a las v\u00edctimas y a sus familias. <\/p> <p>Las investigaciones demuestran que la justicia reparadora tambi\u00e9n conduce a una reducci\u00f3n de la reincidencia.<\/p>\n[embed]https:\/\/youtu.be\/4-vQ4ixlU_A[\/embed]\n<h2>C\u00f3mo solicitar justicia reparadora<\/h2> <p>P\u00f3ngase en contacto con la Unidad de Atenci\u00f3n a las V\u00edctimas, que puede organizar una justicia reparadora para usted y ayudarle con cualquier pregunta que pueda tener.<\/p> <p>Puede <a href=\"mailto:victimservices@dc.police.uk\" target=\"_blank\" rel=\"noopener\">enviarles un correo electr\u00f3nico<\/a> o llamarles por tel\u00e9fono <a href=\"tel:01392%20475900\">al 01392 475900<\/a> de 8.00 a 20.00 de lunes a viernes y de 9.00 a 17.00 los fines de semana y festivos.<\/p> <p>Si decides participar en la justicia reparadora, recibir\u00e1s apoyo de nuestro servicio especializado en justicia reparadora <a href=\"https:\/\/www.shekinah.co.uk\/make-amends\" target=\"_blank\" rel=\"external noopener\" aria-label=\"Make Amends - This link will open in a new window\" data-gtm-link=\"offsite\">Make Amends<\/a>. <\/p>","_links":{"self":[{"href":"https:\/\/victimcare-dc.org\/es\/wp-json\/wp\/v2\/pages\/3284","targetHints":{"allow":["GET"]}}],"collection":[{"href":"https:\/\/victimcare-dc.org\/es\/wp-json\/wp\/v2\/pages"}],"about":[{"href":"https:\/\/victimcare-dc.org\/es\/wp-json\/wp\/v2\/types\/page"}],"author":[{"embeddable":true,"href":"https:\/\/victimcare-dc.org\/es\/wp-json\/wp\/v2\/users\/3"}],"replies":[{"embeddable":true,"href":"https:\/\/victimcare-dc.org\/es\/wp-json\/wp\/v2\/comments?post=3284"}],"version-history":[{"count":2,"href":"https:\/\/victimcare-dc.org\/es\/wp-json\/wp\/v2\/pages\/3284\/revisions"}],"predecessor-version":[{"id":3632,"href":"https:\/\/victimcare-dc.org\/es\/wp-json\/wp\/v2\/pages\/3284\/revisions\/3632"}],"wp:attachment":[{"href":"https:\/\/victimcare-dc.org\/es\/wp-json\/wp\/v2\/media?parent=3284"}],"curies":[{"name":"wp","href":"https:\/\/api.w.org\/{rel}","templated":true}]}}